{"id":102144,"date":"2026-08-31T16:22:22","date_gmt":"2026-08-31T20:22:22","guid":{"rendered":"https:\/\/www.velo.qc.ca\/?page_id=102144"},"modified":"2026-08-31T16:52:30","modified_gmt":"2026-08-31T20:52:30","slug":"nos-priorites-pour-les-elections-provinciales","status":"publish","type":"page","link":"https:\/\/www.velo.qc.ca\/en\/nos-priorites-pour-les-elections-provinciales\/","title":{"rendered":"Nos priorit\u00e9s pour les \u00e9lections provinciales"},"content":{"rendered":"<div data-elementor-type=\"wp-page\" data-elementor-id=\"102144\" class=\"elementor elementor-102144\" data-elementor-post-type=\"page\">\n\t\t\t\t<div class=\"elementor-element elementor-element-8f65b7a e-con e-atomic-element e-flexbox-base e-e81ad3e\" data-id=\"8f65b7a\" data-element_type=\"e-flexbox\" data-e-type=\"e-flexbox\" data-interaction-id=\"8f65b7a\">\n    \t\t<div class=\"elementor-element elementor-element-4f6236e elementor-widget__width-initial elementor-widget-laptop__width-initial elementor-headline--style-highlight elementor-widget elementor-widget-animated-headline\" data-id=\"4f6236e\" data-element_type=\"widget\" data-e-type=\"widget\" data-settings=\"{&quot;highlighted_text&quot;:&quot;v\\u00e9lo&quot;,&quot;headline_style&quot;:&quot;highlight&quot;,&quot;marker&quot;:&quot;circle&quot;,&quot;loop&quot;:&quot;yes&quot;,&quot;highlight_animation_duration&quot;:1200,&quot;highlight_iteration_delay&quot;:8000}\" data-widget_type=\"animated-headline.default\">\n\t\t\t\t<div class=\"elementor-widget-container\">\n\t\t\t\t\t\t\t<h3 class=\"elementor-headline\">\n\t\t\t\t\t<span class=\"elementor-headline-plain-text elementor-headline-text-wrapper\">Faire du      <\/span>\n\t\t\t\t<span class=\"elementor-headline-dynamic-wrapper elementor-headline-text-wrapper\">\n\t\t\t\t\t<span class=\"elementor-headline-dynamic-text elementor-headline-text-active\">bike<\/span>\n\t\t\t\t<\/span>\n\t\t\t\t\t<span class=\"elementor-headline-plain-text elementor-headline-text-wrapper\">un outil de pr\u00e9vention en sant\u00e9 et de d\u00e9veloppement \u00e9conomique<\/span>\n\t\t\t\t\t<\/h3>\n\t\t\t\t\t\t<\/div>\n\t\t\t\t<\/div>\n\t\t\n<\/div>\n<div class=\"elementor-element elementor-element-829e65a e-con e-atomic-element e-flexbox-base e-82f00b0\" data-id=\"829e65a\" data-element_type=\"e-flexbox\" data-e-type=\"e-flexbox\" data-interaction-id=\"829e65a\">\n    \t\t<div class=\"elementor-element elementor-element-01f5ecb elementor-widget-divider--view-line_icon elementor-view-default elementor-widget-divider--element-align-center elementor-widget elementor-widget-divider\" data-id=\"01f5ecb\" data-element_type=\"widget\" data-e-type=\"widget\" data-widget_type=\"divider.default\">\n\t\t\t\t<div class=\"elementor-widget-container\">\n\t\t\t\t\t\t\t<div class=\"elementor-divider\">\n\t\t\t<span class=\"elementor-divider-separator\">\n\t\t\t\t\t\t\t<div class=\"elementor-icon elementor-divider__element\">\n\t\t\t\t\t<i aria-hidden=\"true\" class=\"fas fa-bicycle\"><\/i><\/div>\n\t\t\t\t\t\t<\/span>\n\t\t<\/div>\n\t\t\t\t\t\t<\/div>\n\t\t\t\t<\/div>\n\t\t\t\t<div class=\"elementor-element elementor-element-b4c9e24 elementor-widget elementor-widget-heading\" data-id=\"b4c9e24\" data-element_type=\"widget\" data-e-type=\"widget\" data-widget_type=\"heading.default\">\n\t\t\t\t<div class=\"elementor-widget-container\">\n\t\t\t\t\t<h1 class=\"elementor-heading-title elementor-size-default\">Le v\u00e9lo, une solution simple \u00e0 de grands enjeux <\/h1>\t\t\t\t<\/div>\n\t\t\t\t<\/div>\n\t\t\n<\/div>\n<div class=\"elementor-element elementor-element-53ac590f e-flex e-con-boxed e-con e-parent\" data-id=\"53ac590f\" data-element_type=\"container\" data-e-type=\"container\" data-settings=\"{&quot;background_background&quot;:&quot;classic&quot;}\">\n\t\t\t\t\t<div class=\"e-con-inner\">\n\t\t<div class=\"elementor-element elementor-element-72b34562 e-con-full e-flex e-con e-child\" data-id=\"72b34562\" data-element_type=\"container\" data-e-type=\"container\">\n\t\t\t\t<div class=\"elementor-element elementor-element-6f532e9a elementor-invisible elementor-widget elementor-widget-image\" data-id=\"6f532e9a\" data-element_type=\"widget\" data-e-type=\"widget\" data-settings=\"{&quot;_animation&quot;:&quot;fadeIn&quot;,&quot;_animation_delay&quot;:200}\" data-widget_type=\"image.default\">\n\t\t\t\t<div class=\"elementor-widget-container\">\n\t\t\t\t\t\t\t\t\t\t\t\t\t\t\t<img fetchpriority=\"high\" decoding=\"async\" width=\"1024\" height=\"683\" src=\"https:\/\/www.velo.qc.ca\/wp-content\/uploads\/2026\/08\/montrealruestdenis-catrinedaoust-1024x683.jpg\" class=\"attachment-large size-large wp-image-102250\" alt=\"REV Saint-Denis, Montr\u00e9al (Catherine Daoust)\" srcset=\"https:\/\/www.velo.qc.ca\/wp-content\/uploads\/2026\/08\/montrealruestdenis-catrinedaoust-1024x683.jpg 1024w, https:\/\/www.velo.qc.ca\/wp-content\/uploads\/2026\/08\/montrealruestdenis-catrinedaoust-300x200.jpg 300w, https:\/\/www.velo.qc.ca\/wp-content\/uploads\/2026\/08\/montrealruestdenis-catrinedaoust-768x512.jpg 768w, https:\/\/www.velo.qc.ca\/wp-content\/uploads\/2026\/08\/montrealruestdenis-catrinedaoust-1536x1024.jpg 1536w, https:\/\/www.velo.qc.ca\/wp-content\/uploads\/2026\/08\/montrealruestdenis-catrinedaoust-2048x1365.jpg 2048w, https:\/\/www.velo.qc.ca\/wp-content\/uploads\/2026\/08\/montrealruestdenis-catrinedaoust-18x12.jpg 18w\" sizes=\"(max-width: 1024px) 100vw, 1024px\" \/>\t\t\t\t\t\t\t\t\t\t\t\t\t\t\t<\/div>\n\t\t\t\t<\/div>\n\t\t\t\t<div class=\"elementor-element elementor-element-a315b56 elementor-invisible elementor-widget elementor-widget-image\" data-id=\"a315b56\" data-element_type=\"widget\" data-e-type=\"widget\" data-settings=\"{&quot;_animation&quot;:&quot;fadeIn&quot;}\" data-widget_type=\"image.default\">\n\t\t\t\t<div class=\"elementor-widget-container\">\n\t\t\t\t\t\t\t\t\t\t\t\t\t\t\t<img decoding=\"async\" width=\"1024\" height=\"683\" src=\"https:\/\/www.velo.qc.ca\/wp-content\/uploads\/2026\/08\/veloquebec2025nicolasbourdeauphotographetousdroitsreserves-a9-6584-1024x683.jpg\" class=\"attachment-large size-large wp-image-102256\" alt=\"Cyclotourisme (Nicolas Bourdeau)\" srcset=\"https:\/\/www.velo.qc.ca\/wp-content\/uploads\/2026\/08\/veloquebec2025nicolasbourdeauphotographetousdroitsreserves-a9-6584-1024x683.jpg 1024w, https:\/\/www.velo.qc.ca\/wp-content\/uploads\/2026\/08\/veloquebec2025nicolasbourdeauphotographetousdroitsreserves-a9-6584-300x200.jpg 300w, https:\/\/www.velo.qc.ca\/wp-content\/uploads\/2026\/08\/veloquebec2025nicolasbourdeauphotographetousdroitsreserves-a9-6584-768x512.jpg 768w, https:\/\/www.velo.qc.ca\/wp-content\/uploads\/2026\/08\/veloquebec2025nicolasbourdeauphotographetousdroitsreserves-a9-6584-1536x1024.jpg 1536w, https:\/\/www.velo.qc.ca\/wp-content\/uploads\/2026\/08\/veloquebec2025nicolasbourdeauphotographetousdroitsreserves-a9-6584-2048x1365.jpg 2048w, https:\/\/www.velo.qc.ca\/wp-content\/uploads\/2026\/08\/veloquebec2025nicolasbourdeauphotographetousdroitsreserves-a9-6584-18x12.jpg 18w\" sizes=\"(max-width: 1024px) 100vw, 1024px\" \/>\t\t\t\t\t\t\t\t\t\t\t\t\t\t\t<\/div>\n\t\t\t\t<\/div>\n\t\t\t\t<div class=\"elementor-element elementor-element-993e3aa elementor-invisible elementor-widget elementor-widget-image\" data-id=\"993e3aa\" data-element_type=\"widget\" data-e-type=\"widget\" data-settings=\"{&quot;_animation&quot;:&quot;fadeIn&quot;,&quot;_animation_delay&quot;:200}\" data-widget_type=\"image.default\">\n\t\t\t\t<div class=\"elementor-widget-container\">\n\t\t\t\t\t\t\t\t\t\t\t\t\t\t\t<img decoding=\"async\" width=\"1024\" height=\"683\" src=\"https:\/\/www.velo.qc.ca\/wp-content\/uploads\/2026\/08\/quebec-1024x683.jpg\" class=\"attachment-large size-large wp-image-102257\" alt=\"Qu\u00e9bec (Francis Vachon)\" srcset=\"https:\/\/www.velo.qc.ca\/wp-content\/uploads\/2026\/08\/quebec-1024x683.jpg 1024w, https:\/\/www.velo.qc.ca\/wp-content\/uploads\/2026\/08\/quebec-300x200.jpg 300w, https:\/\/www.velo.qc.ca\/wp-content\/uploads\/2026\/08\/quebec-768x512.jpg 768w, https:\/\/www.velo.qc.ca\/wp-content\/uploads\/2026\/08\/quebec-1536x1024.jpg 1536w, https:\/\/www.velo.qc.ca\/wp-content\/uploads\/2026\/08\/quebec-2048x1365.jpg 2048w, https:\/\/www.velo.qc.ca\/wp-content\/uploads\/2026\/08\/quebec-18x12.jpg 18w\" sizes=\"(max-width: 1024px) 100vw, 1024px\" \/>\t\t\t\t\t\t\t\t\t\t\t\t\t\t\t<\/div>\n\t\t\t\t<\/div>\n\t\t\t\t<\/div>\n\t\t<div class=\"elementor-element elementor-element-7637ce68 e-con-full e-flex e-con e-child\" data-id=\"7637ce68\" data-element_type=\"container\" data-e-type=\"container\">\n\t\t\t\t<div class=\"elementor-element elementor-element-1cea49e8 elementor-widget__width-initial elementor-widget-laptop__width-initial elementor-invisible elementor-widget elementor-widget-image\" data-id=\"1cea49e8\" data-element_type=\"widget\" data-e-type=\"widget\" data-settings=\"{&quot;_animation&quot;:&quot;fadeIn&quot;,&quot;_animation_delay&quot;:400}\" data-widget_type=\"image.default\">\n\t\t\t\t<div class=\"elementor-widget-container\">\n\t\t\t\t\t\t\t\t\t\t\t\t\t\t\t<img loading=\"lazy\" decoding=\"async\" width=\"768\" height=\"1024\" src=\"https:\/\/www.velo.qc.ca\/wp-content\/uploads\/2026\/08\/velo-saguenay-hr-14-1-768x1024.jpg\" class=\"attachment-large size-large wp-image-102258\" alt=\"Saguenay (Samuel Snow)\" srcset=\"https:\/\/www.velo.qc.ca\/wp-content\/uploads\/2026\/08\/velo-saguenay-hr-14-1-768x1024.jpg 768w, https:\/\/www.velo.qc.ca\/wp-content\/uploads\/2026\/08\/velo-saguenay-hr-14-1-225x300.jpg 225w, https:\/\/www.velo.qc.ca\/wp-content\/uploads\/2026\/08\/velo-saguenay-hr-14-1-1152x1536.jpg 1152w, https:\/\/www.velo.qc.ca\/wp-content\/uploads\/2026\/08\/velo-saguenay-hr-14-1-1536x2048.jpg 1536w, https:\/\/www.velo.qc.ca\/wp-content\/uploads\/2026\/08\/velo-saguenay-hr-14-1-9x12.jpg 9w, https:\/\/www.velo.qc.ca\/wp-content\/uploads\/2026\/08\/velo-saguenay-hr-14-1-scaled.jpg 1920w\" sizes=\"(max-width: 768px) 100vw, 768px\" \/>\t\t\t\t\t\t\t\t\t\t\t\t\t\t\t<\/div>\n\t\t\t\t<\/div>\n\t\t\t\t<div class=\"elementor-element elementor-element-b6de417 elementor-widget__width-initial elementor-invisible elementor-widget elementor-widget-image\" data-id=\"b6de417\" data-element_type=\"widget\" data-e-type=\"widget\" data-settings=\"{&quot;_animation&quot;:&quot;fadeIn&quot;,&quot;_animation_delay&quot;:400}\" data-widget_type=\"image.default\">\n\t\t\t\t<div class=\"elementor-widget-container\">\n\t\t\t\t\t\t\t\t\t\t\t\t\t\t\t<img loading=\"lazy\" decoding=\"async\" width=\"683\" height=\"1024\" src=\"https:\/\/www.velo.qc.ca\/wp-content\/uploads\/2026\/08\/veloqc-etat2025-558-montreal-catherine-daoust-683x1024.jpg\" class=\"attachment-large size-large wp-image-102259\" alt=\"Montr\u00e9al (Catherine Daoust)\" srcset=\"https:\/\/www.velo.qc.ca\/wp-content\/uploads\/2026\/08\/veloqc-etat2025-558-montreal-catherine-daoust-683x1024.jpg 683w, https:\/\/www.velo.qc.ca\/wp-content\/uploads\/2026\/08\/veloqc-etat2025-558-montreal-catherine-daoust-200x300.jpg 200w, https:\/\/www.velo.qc.ca\/wp-content\/uploads\/2026\/08\/veloqc-etat2025-558-montreal-catherine-daoust-768x1152.jpg 768w, https:\/\/www.velo.qc.ca\/wp-content\/uploads\/2026\/08\/veloqc-etat2025-558-montreal-catherine-daoust-1024x1536.jpg 1024w, https:\/\/www.velo.qc.ca\/wp-content\/uploads\/2026\/08\/veloqc-etat2025-558-montreal-catherine-daoust-1365x2048.jpg 1365w, https:\/\/www.velo.qc.ca\/wp-content\/uploads\/2026\/08\/veloqc-etat2025-558-montreal-catherine-daoust-8x12.jpg 8w, https:\/\/www.velo.qc.ca\/wp-content\/uploads\/2026\/08\/veloqc-etat2025-558-montreal-catherine-daoust-scaled.jpg 1707w\" sizes=\"(max-width: 683px) 100vw, 683px\" \/>\t\t\t\t\t\t\t\t\t\t\t\t\t\t\t<\/div>\n\t\t\t\t<\/div>\n\t\t\t\t<\/div>\n\t\t<div class=\"elementor-element elementor-element-440a2105 e-con-full e-flex e-con e-child\" data-id=\"440a2105\" data-element_type=\"container\" data-e-type=\"container\">\n\t\t\t\t<div class=\"elementor-element elementor-element-1e87180 elementor-widget elementor-widget-text-editor\" data-id=\"1e87180\" data-element_type=\"widget\" data-e-type=\"widget\" data-widget_type=\"text-editor.default\">\n\t\t\t\t<div class=\"elementor-widget-container\">\n\t\t\t\t\t\t\t\t\t<p>Le v\u00e9lo fait d\u00e9j\u00e0 partie du quotidien de millions de Qu\u00e9b\u00e9coises et de Qu\u00e9b\u00e9cois.<\/p><p><span style=\"font-weight: 400;\">\u00a0<\/span><\/p><p><span style=\"font-weight: 400;\">Mais son potentiel va beaucoup plus loin.\u00a0<\/span><\/p><p>\u00a0<\/p><p><span style=\"font-weight: 400;\"> <strong data-start=\"149\" data-end=\"216\">Mobilit\u00e9, s\u00e9curit\u00e9, sant\u00e9, co\u00fbt de la vie et \u00e9conomie r\u00e9gionale<\/strong> : le v\u00e9lo est une solution concr\u00e8te \u00e0 plusieurs grands d\u00e9fis du Qu\u00e9bec.<\/span><\/p><p>\u00a0<\/p><p>C\u2019est pourquoi V\u00e9lo Qu\u00e9bec invite le prochain gouvernement \u00e0 <strong data-start=\"336\" data-end=\"378\" data-is-last-node=\"\">en faire un v\u00e9ritable levier d\u2019action.<\/strong><\/p>\t\t\t\t\t\t\t\t<\/div>\n\t\t\t\t<\/div>\n\t\t\t\t<div class=\"elementor-element elementor-element-362f28bb elementor-cta--layout-image-right elementor-cta--valign-middle elementor-cta--mobile-layout-image-above elementor-cta--skin-classic elementor-animated-content elementor-widget elementor-widget-call-to-action\" data-id=\"362f28bb\" data-element_type=\"widget\" data-e-type=\"widget\" data-widget_type=\"call-to-action.default\">\n\t\t\t\t<div class=\"elementor-widget-container\">\n\t\t\t\t\t\t\t<div class=\"elementor-cta\">\n\t\t\t\t\t\t\t<div class=\"elementor-cta__content\">\n\t\t\t\t\n\t\t\t\t\n\t\t\t\t\n\t\t\t\t\t\t\t\t\t<div class=\"elementor-cta__button-wrapper elementor-cta__content-item elementor-content-item\">\n\t\t\t\t\t<a class=\"elementor-cta__button elementor-button elementor-size-lg\" href=\"https:\/\/www.velo.qc.ca\/wp-content\/uploads\/2026\/08\/recommandations-de-vq-pour-les-elections-2026.pdf\">\n\t\t\t\t\t\tD\u00e9couvrez le m\u00e9moire complet\t\t\t\t\t<\/a>\n\t\t\t\t\t<\/div>\n\t\t\t\t\t\t\t<\/div>\n\t\t\t\t\t\t<\/div>\n\t\t\t\t\t\t<\/div>\n\t\t\t\t<\/div>\n\t\t\t\t<\/div>\n\t\t\t\t\t<\/div>\n\t\t\t\t<\/div>\n\t\t<div class=\"elementor-element elementor-element-315b0336 e-flex e-con-boxed e-con e-parent\" data-id=\"315b0336\" data-element_type=\"container\" data-e-type=\"container\" data-settings=\"{&quot;background_background&quot;:&quot;classic&quot;}\">\n\t\t\t\t\t<div class=\"e-con-inner\">\n\t\t<div class=\"elementor-element elementor-element-77986cc0 e-con-full e-flex e-con e-child\" data-id=\"77986cc0\" data-element_type=\"container\" data-e-type=\"container\">\n\t\t\t\t<div class=\"elementor-element elementor-element-7ae7ea2a elementor-widget elementor-widget-heading\" data-id=\"7ae7ea2a\" data-element_type=\"widget\" data-e-type=\"widget\" data-widget_type=\"heading.default\">\n\t\t\t\t<div class=\"elementor-widget-container\">\n\t\t\t\t\t<h2 class=\"elementor-heading-title elementor-size-default\">Priorit\u00e9s de V\u00e9lo Qu\u00e9bec<\/h2>\t\t\t\t<\/div>\n\t\t\t\t<\/div>\n\t\t\t\t<\/div>\n\t\t<div class=\"elementor-element elementor-element-5d7a84e9 e-con-full e-flex e-con e-child\" data-id=\"5d7a84e9\" data-element_type=\"container\" data-e-type=\"container\">\n\t\t\t\t<div class=\"elementor-element elementor-element-32d1228b elementor-widget-tablet__width-initial elementor-widget-mobile__width-inherit elementor-widget__width-initial elementor-position-top elementor-widget elementor-widget-image-box\" data-id=\"32d1228b\" data-element_type=\"widget\" data-e-type=\"widget\" data-settings=\"{&quot;_animation&quot;:&quot;none&quot;}\" data-widget_type=\"image-box.default\">\n\t\t\t\t<div class=\"elementor-widget-container\">\n\t\t\t\t\t<div class=\"elementor-image-box-wrapper\"><figure class=\"elementor-image-box-img\"><a href=\"https:\/\/library.elementor.com\/local-services-wireframe-1-flexbox\/services\/#service_2\" tabindex=\"-1\" target=\"_blank\" rel=\"noopener\"><img loading=\"lazy\" decoding=\"async\" width=\"683\" height=\"600\" src=\"https:\/\/www.velo.qc.ca\/wp-content\/uploads\/2026\/08\/1-1.png\" class=\"elementor-animation-grow attachment-full size-full wp-image-102136\" alt=\"\" srcset=\"https:\/\/www.velo.qc.ca\/wp-content\/uploads\/2026\/08\/1-1.png 683w, https:\/\/www.velo.qc.ca\/wp-content\/uploads\/2026\/08\/1-1-300x264.png 300w, https:\/\/www.velo.qc.ca\/wp-content\/uploads\/2026\/08\/1-1-14x12.png 14w\" sizes=\"(max-width: 683px) 100vw, 683px\" \/><\/a><\/figure><\/div>\t\t\t\t<\/div>\n\t\t\t\t<\/div>\n\t\t\t\t<div class=\"elementor-element elementor-element-71c53de2 elementor-widget-tablet__width-initial elementor-widget-mobile__width-inherit elementor-widget__width-initial elementor-position-top elementor-widget elementor-widget-image-box\" data-id=\"71c53de2\" data-element_type=\"widget\" data-e-type=\"widget\" data-widget_type=\"image-box.default\">\n\t\t\t\t<div class=\"elementor-widget-container\">\n\t\t\t\t\t<div class=\"elementor-image-box-wrapper\"><figure class=\"elementor-image-box-img\"><a href=\"https:\/\/library.elementor.com\/local-services-wireframe-1-flexbox\/services\/#service_1\" tabindex=\"-1\" target=\"_blank\" rel=\"noopener\"><img loading=\"lazy\" decoding=\"async\" width=\"683\" height=\"600\" src=\"https:\/\/www.velo.qc.ca\/wp-content\/uploads\/2026\/08\/2-1.png\" class=\"elementor-animation-grow attachment-full size-full wp-image-102137\" alt=\"\" srcset=\"https:\/\/www.velo.qc.ca\/wp-content\/uploads\/2026\/08\/2-1.png 683w, https:\/\/www.velo.qc.ca\/wp-content\/uploads\/2026\/08\/2-1-300x264.png 300w, https:\/\/www.velo.qc.ca\/wp-content\/uploads\/2026\/08\/2-1-14x12.png 14w\" sizes=\"(max-width: 683px) 100vw, 683px\" \/><\/a><\/figure><\/div>\t\t\t\t<\/div>\n\t\t\t\t<\/div>\n\t\t\t\t<div class=\"elementor-element elementor-element-3a4a6d4a elementor-widget-tablet__width-initial elementor-widget-mobile__width-inherit elementor-widget__width-initial elementor-position-top elementor-widget elementor-widget-image-box\" data-id=\"3a4a6d4a\" data-element_type=\"widget\" data-e-type=\"widget\" data-widget_type=\"image-box.default\">\n\t\t\t\t<div class=\"elementor-widget-container\">\n\t\t\t\t\t<div class=\"elementor-image-box-wrapper\"><figure class=\"elementor-image-box-img\"><a href=\"https:\/\/library.elementor.com\/local-services-wireframe-1-flexbox\/services\/#service_3\" tabindex=\"-1\" target=\"_blank\" rel=\"noopener\"><img loading=\"lazy\" decoding=\"async\" width=\"683\" height=\"600\" src=\"https:\/\/www.velo.qc.ca\/wp-content\/uploads\/2026\/08\/3.png\" class=\"elementor-animation-grow attachment-full size-full wp-image-102138\" alt=\"\" srcset=\"https:\/\/www.velo.qc.ca\/wp-content\/uploads\/2026\/08\/3.png 683w, https:\/\/www.velo.qc.ca\/wp-content\/uploads\/2026\/08\/3-300x264.png 300w, https:\/\/www.velo.qc.ca\/wp-content\/uploads\/2026\/08\/3-14x12.png 14w\" sizes=\"(max-width: 683px) 100vw, 683px\" \/><\/a><\/figure><\/div>\t\t\t\t<\/div>\n\t\t\t\t<\/div>\n\t\t\t\t<div class=\"elementor-element elementor-element-4f86326b elementor-widget-tablet__width-initial elementor-widget-mobile__width-inherit elementor-widget__width-initial elementor-position-top elementor-widget elementor-widget-image-box\" data-id=\"4f86326b\" data-element_type=\"widget\" data-e-type=\"widget\" data-widget_type=\"image-box.default\">\n\t\t\t\t<div class=\"elementor-widget-container\">\n\t\t\t\t\t<div class=\"elementor-image-box-wrapper\"><figure class=\"elementor-image-box-img\"><a href=\"https:\/\/library.elementor.com\/local-services-wireframe-1-flexbox\/services\/#service_4\" tabindex=\"-1\" target=\"_blank\" rel=\"noopener\"><img loading=\"lazy\" decoding=\"async\" width=\"683\" height=\"600\" src=\"https:\/\/www.velo.qc.ca\/wp-content\/uploads\/2026\/08\/4-1.png\" class=\"elementor-animation-grow attachment-full size-full wp-image-102139\" alt=\"\" srcset=\"https:\/\/www.velo.qc.ca\/wp-content\/uploads\/2026\/08\/4-1.png 683w, https:\/\/www.velo.qc.ca\/wp-content\/uploads\/2026\/08\/4-1-300x264.png 300w, https:\/\/www.velo.qc.ca\/wp-content\/uploads\/2026\/08\/4-1-14x12.png 14w\" sizes=\"(max-width: 683px) 100vw, 683px\" \/><\/a><\/figure><\/div>\t\t\t\t<\/div>\n\t\t\t\t<\/div>\n\t\t\t\t<\/div>\n\t\t\t\t\t<\/div>\n\t\t\t\t<\/div>\n\t\t<div class=\"elementor-element elementor-element-88442f3 e-con e-atomic-element e-flexbox-base e-c0951e0\" data-id=\"88442f3\" data-element_type=\"e-flexbox\" data-e-type=\"e-flexbox\" data-interaction-id=\"88442f3\">\n    \t\t<div class=\"elementor-element elementor-element-da1afdb elementor-widget elementor-widget-spacer\" data-id=\"da1afdb\" data-element_type=\"widget\" data-e-type=\"widget\" data-widget_type=\"spacer.default\">\n\t\t\t\t<div class=\"elementor-widget-container\">\n\t\t\t\t\t\t\t<div class=\"elementor-spacer\">\n\t\t\t<div class=\"elementor-spacer-inner\"><\/div>\n\t\t<\/div>\n\t\t\t\t\t\t<\/div>\n\t\t\t\t<\/div>\n\t\t\n<\/div>\n<div class=\"elementor-element elementor-element-9810a40 e-con e-atomic-element e-flexbox-base e-ca9c22b\" data-id=\"9810a40\" data-element_type=\"e-flexbox\" data-e-type=\"e-flexbox\" data-interaction-id=\"9810a40\">\n    \t\t<div class=\"elementor-element elementor-element-4b657eb elementor-widget elementor-widget-heading\" data-id=\"4b657eb\" data-element_type=\"widget\" data-e-type=\"widget\" data-widget_type=\"heading.default\">\n\t\t\t\t<div class=\"elementor-widget-container\">\n\t\t\t\t\t<h2 class=\"elementor-heading-title elementor-size-default\">Nos recommandations<\/h2>\t\t\t\t<\/div>\n\t\t\t\t<\/div>\n\t\t\n<\/div>\n<div class=\"elementor-element elementor-element-dd09013 e-grid e-con-boxed e-con e-parent\" data-id=\"dd09013\" data-element_type=\"container\" data-e-type=\"container\">\n\t\t\t\t\t<div class=\"e-con-inner\">\n\t\t\t\t<div class=\"elementor-element elementor-element-b713e7d elementor-flip-box--effect-fade elementor-widget elementor-widget-flip-box\" data-id=\"b713e7d\" data-element_type=\"widget\" data-e-type=\"widget\" data-widget_type=\"flip-box.default\">\n\t\t\t\t<div class=\"elementor-widget-container\">\n\t\t\t\t\t\t\t<div class=\"elementor-flip-box\" tabindex=\"0\">\n\t\t\t<div class=\"elementor-flip-box__layer elementor-flip-box__front\">\n\t\t\t\t<div class=\"elementor-flip-box__layer__overlay\">\n\t\t\t\t\t<div class=\"elementor-flip-box__layer__inner\">\n\t\t\t\t\t\t\t\t\t\t\t\t\t<div class=\"elementor-icon-wrapper elementor-view-default\">\n\t\t\t\t\t\t\t\t<div class=\"elementor-icon\">\n\t\t\t\t\t\t\t\t\t<i aria-hidden=\"true\" class=\"fas fa-bus\"><\/i>\t\t\t\t\t\t\t\t<\/div>\n\t\t\t\t\t\t\t<\/div>\n\t\t\t\t\t\t\n\t\t\t\t\t\t\t\t\t\t\t\t\t<h3 class=\"elementor-flip-box__layer__title\">\n\t\t\t\t\t\t\t\tRecommandation 1\t\t\t\t\t\t\t<\/h3>\n\t\t\t\t\t\t\n\t\t\t\t\t\t\t\t\t\t\t\t\t<div class=\"elementor-flip-box__layer__description\">\n\t\t\t\t\t\t\t\tPrioriser le transfert modal (approche RTA)\t\t\t\t\t\t\t<\/div>\n\t\t\t\t\t\t\t\t\t\t\t<\/div>\n\t\t\t\t<\/div>\n\t\t\t<\/div>\n\t\t\t<div class=\"elementor-flip-box__layer elementor-flip-box__back\">\n\t\t\t<div class=\"elementor-flip-box__layer__overlay\">\n\t\t\t\t<div class=\"elementor-flip-box__layer__inner\">\n\t\t\t\t\t\n\t\t\t\t\t\t\t\t\t\t\t<div class=\"elementor-flip-box__layer__description\">\n\t\t\t\t\t\t\tPour rendre nos d\u00e9placements plus efficaces et r\u00e9duire la congestion, le Qu\u00e9bec doit faciliter le passage de l\u2019auto-solo vers le v\u00e9lo et le transport collectif. Cela passe par des infrastructures s\u00e9curitaires, mais aussi par des incitatifs et une fiscalit\u00e9 qui donnent r\u00e9ellement aux Qu\u00e9b\u00e9coises et Qu\u00e9b\u00e9cois la possibilit\u00e9 de choisir d\u2019autres fa\u00e7ons de se d\u00e9placer au quotidien.\t\t\t\t\t\t<\/div>\n\t\t\t\t\t\n\t\t\t\t\t\t\t\t<\/div>\n\t\t<\/div>\n\t\t<\/div>\n\t\t<\/div>\n\t\t\t\t\t\t<\/div>\n\t\t\t\t<\/div>\n\t\t\t\t<div class=\"elementor-element elementor-element-5571897 elementor-flip-box--effect-fade elementor-widget elementor-widget-flip-box\" data-id=\"5571897\" data-element_type=\"widget\" data-e-type=\"widget\" data-widget_type=\"flip-box.default\">\n\t\t\t\t<div class=\"elementor-widget-container\">\n\t\t\t\t\t\t\t<div class=\"elementor-flip-box\" tabindex=\"0\">\n\t\t\t<div class=\"elementor-flip-box__layer elementor-flip-box__front\">\n\t\t\t\t<div class=\"elementor-flip-box__layer__overlay\">\n\t\t\t\t\t<div class=\"elementor-flip-box__layer__inner\">\n\t\t\t\t\t\t\t\t\t\t\t\t\t<div class=\"elementor-icon-wrapper elementor-view-default\">\n\t\t\t\t\t\t\t\t<div class=\"elementor-icon\">\n\t\t\t\t\t\t\t\t\t<i aria-hidden=\"true\" class=\"fas fa-road\"><\/i>\t\t\t\t\t\t\t\t<\/div>\n\t\t\t\t\t\t\t<\/div>\n\t\t\t\t\t\t\n\t\t\t\t\t\t\t\t\t\t\t\t\t<h3 class=\"elementor-flip-box__layer__title\">\n\t\t\t\t\t\t\t\tRecommandation 2\t\t\t\t\t\t\t<\/h3>\n\t\t\t\t\t\t\n\t\t\t\t\t\t\t\t\t\t\t\t\t<div class=\"elementor-flip-box__layer__description\">\n\t\t\t\t\t\t\t\tPenser le v\u00e9lo dans tous les grands projets de transport \t\t\t\t\t\t\t<\/div>\n\t\t\t\t\t\t\t\t\t\t\t<\/div>\n\t\t\t\t<\/div>\n\t\t\t<\/div>\n\t\t\t<div class=\"elementor-flip-box__layer elementor-flip-box__back\">\n\t\t\t<div class=\"elementor-flip-box__layer__overlay\">\n\t\t\t\t<div class=\"elementor-flip-box__layer__inner\">\n\t\t\t\t\t\n\t\t\t\t\t\t\t\t\t\t\t<div class=\"elementor-flip-box__layer__description\">\n\t\t\t\t\t\t\tLe v\u00e9lo peut permettre d\u2019aller beaucoup plus loin lorsqu\u2019il est bien connect\u00e9 au train, au REM, \u00e0 l\u2019autocar et aux autres transports collectifs. V\u00e9lo Qu\u00e9bec demande que les grands projets de transport pr\u00e9voient d\u00e8s leur conception des acc\u00e8s s\u00e9curitaires \u00e0 v\u00e9lo, des stationnements adapt\u00e9s, la possibilit\u00e9 de transporter son v\u00e9lo et des am\u00e9nagements s\u00e9curitaires pour les cyclistes et les pi\u00e9tons.\t\t\t\t\t\t<\/div>\n\t\t\t\t\t\n\t\t\t\t\t\t\t\t<\/div>\n\t\t<\/div>\n\t\t<\/div>\n\t\t<\/div>\n\t\t\t\t\t\t<\/div>\n\t\t\t\t<\/div>\n\t\t\t\t<div class=\"elementor-element elementor-element-bb676a1 elementor-flip-box--effect-fade elementor-widget elementor-widget-flip-box\" data-id=\"bb676a1\" data-element_type=\"widget\" data-e-type=\"widget\" data-widget_type=\"flip-box.default\">\n\t\t\t\t<div class=\"elementor-widget-container\">\n\t\t\t\t\t\t\t<div class=\"elementor-flip-box\" tabindex=\"0\">\n\t\t\t<div class=\"elementor-flip-box__layer elementor-flip-box__front\">\n\t\t\t\t<div class=\"elementor-flip-box__layer__overlay\">\n\t\t\t\t\t<div class=\"elementor-flip-box__layer__inner\">\n\t\t\t\t\t\t\t\t\t\t\t\t\t<div class=\"elementor-icon-wrapper elementor-view-default\">\n\t\t\t\t\t\t\t\t<div class=\"elementor-icon\">\n\t\t\t\t\t\t\t\t\t<i aria-hidden=\"true\" class=\"fas fa-eye\"><\/i>\t\t\t\t\t\t\t\t<\/div>\n\t\t\t\t\t\t\t<\/div>\n\t\t\t\t\t\t\n\t\t\t\t\t\t\t\t\t\t\t\t\t<h3 class=\"elementor-flip-box__layer__title\">\n\t\t\t\t\t\t\t\tRecommandation 3\t\t\t\t\t\t\t<\/h3>\n\t\t\t\t\t\t\n\t\t\t\t\t\t\t\t\t\t\t\t\t<div class=\"elementor-flip-box__layer__description\">\n\t\t\t\t\t\t\t\tFaire de Vision z\u00e9ro une v\u00e9ritable priorit\u00e9\t\t\t\t\t\t\t<\/div>\n\t\t\t\t\t\t\t\t\t\t\t<\/div>\n\t\t\t\t<\/div>\n\t\t\t<\/div>\n\t\t\t<div class=\"elementor-flip-box__layer elementor-flip-box__back\">\n\t\t\t<div class=\"elementor-flip-box__layer__overlay\">\n\t\t\t\t<div class=\"elementor-flip-box__layer__inner\">\n\t\t\t\t\t\n\t\t\t\t\t\t\t\t\t\t\t<div class=\"elementor-flip-box__layer__description\">\n\t\t\t\t\t\t\tAucun d\u00e9c\u00e8s ni blessure grave sur nos routes ne devrait \u00eatre consid\u00e9r\u00e9 comme in\u00e9vitable. V\u00e9lo Qu\u00e9bec demande au gouvernement d\u2019investir davantage dans des am\u00e9nagements s\u00e9curitaires et d\u2019adopter des mesures qui r\u00e9duisent les risques \u00e0 la source, notamment en diminuant les vitesses dans les milieux de vie et en renfor\u00e7ant la protection des pi\u00e9tons et des cyclistes.\t\t\t\t\t\t<\/div>\n\t\t\t\t\t\n\t\t\t\t\t\t\t\t<\/div>\n\t\t<\/div>\n\t\t<\/div>\n\t\t<\/div>\n\t\t\t\t\t\t<\/div>\n\t\t\t\t<\/div>\n\t\t\t\t<div class=\"elementor-element elementor-element-8e7d1c1 elementor-flip-box--effect-fade elementor-widget elementor-widget-flip-box\" data-id=\"8e7d1c1\" data-element_type=\"widget\" data-e-type=\"widget\" data-widget_type=\"flip-box.default\">\n\t\t\t\t<div class=\"elementor-widget-container\">\n\t\t\t\t\t\t\t<div class=\"elementor-flip-box\" tabindex=\"0\">\n\t\t\t<div class=\"elementor-flip-box__layer elementor-flip-box__front\">\n\t\t\t\t<div class=\"elementor-flip-box__layer__overlay\">\n\t\t\t\t\t<div class=\"elementor-flip-box__layer__inner\">\n\t\t\t\t\t\t\t\t\t\t\t\t\t<div class=\"elementor-icon-wrapper elementor-view-default\">\n\t\t\t\t\t\t\t\t<div class=\"elementor-icon\">\n\t\t\t\t\t\t\t\t\t<i aria-hidden=\"true\" class=\"fas fa-car-side\"><\/i>\t\t\t\t\t\t\t\t<\/div>\n\t\t\t\t\t\t\t<\/div>\n\t\t\t\t\t\t\n\t\t\t\t\t\t\t\t\t\t\t\t\t<h3 class=\"elementor-flip-box__layer__title\">\n\t\t\t\t\t\t\t\tRecommandation 4\t\t\t\t\t\t\t<\/h3>\n\t\t\t\t\t\t\n\t\t\t\t\t\t\t\t\t\t\t\t\t<div class=\"elementor-flip-box__layer__description\">\n\t\t\t\t\t\t\t\tEncourager des v\u00e9hicules plus s\u00e9curitaires\t\t\t\t\t\t\t<\/div>\n\t\t\t\t\t\t\t\t\t\t\t<\/div>\n\t\t\t\t<\/div>\n\t\t\t<\/div>\n\t\t\t<div class=\"elementor-flip-box__layer elementor-flip-box__back\">\n\t\t\t<div class=\"elementor-flip-box__layer__overlay\">\n\t\t\t\t<div class=\"elementor-flip-box__layer__inner\">\n\t\t\t\t\t\n\t\t\t\t\t\t\t\t\t\t\t<div class=\"elementor-flip-box__layer__description\">\n\t\t\t\t\t\t\tLa taille, le poids et la conception des v\u00e9hicules ont un impact direct sur la gravit\u00e9 des collisions, particuli\u00e8rement pour les pi\u00e9tons et les cyclistes. V\u00e9lo Qu\u00e9bec propose d\u2019encourager l\u2019achat de camions et de v\u00e9hicules personnels plus s\u00e9curitaires, notamment gr\u00e2ce \u00e0 des normes, des incitatifs financiers et des frais d\u2019immatriculation qui tiennent davantage compte du poids et de la dangerosit\u00e9 des v\u00e9hicules.\t\t\t\t\t\t<\/div>\n\t\t\t\t\t\n\t\t\t\t\t\t\t\t<\/div>\n\t\t<\/div>\n\t\t<\/div>\n\t\t<\/div>\n\t\t\t\t\t\t<\/div>\n\t\t\t\t<\/div>\n\t\t\t\t<div class=\"elementor-element elementor-element-81c975f elementor-flip-box--effect-fade elementor-widget elementor-widget-flip-box\" data-id=\"81c975f\" data-element_type=\"widget\" data-e-type=\"widget\" data-widget_type=\"flip-box.default\">\n\t\t\t\t<div class=\"elementor-widget-container\">\n\t\t\t\t\t\t\t<div class=\"elementor-flip-box\" tabindex=\"0\">\n\t\t\t<div class=\"elementor-flip-box__layer elementor-flip-box__front\">\n\t\t\t\t<div class=\"elementor-flip-box__layer__overlay\">\n\t\t\t\t\t<div class=\"elementor-flip-box__layer__inner\">\n\t\t\t\t\t\t\t\t\t\t\t\t\t<div class=\"elementor-icon-wrapper elementor-view-default\">\n\t\t\t\t\t\t\t\t<div class=\"elementor-icon\">\n\t\t\t\t\t\t\t\t\t<i aria-hidden=\"true\" class=\"fas fa-bolt\"><\/i>\t\t\t\t\t\t\t\t<\/div>\n\t\t\t\t\t\t\t<\/div>\n\t\t\t\t\t\t\n\t\t\t\t\t\t\t\t\t\t\t\t\t<h3 class=\"elementor-flip-box__layer__title\">\n\t\t\t\t\t\t\t\tRecommandation 5\t\t\t\t\t\t\t<\/h3>\n\t\t\t\t\t\t\n\t\t\t\t\t\t\t\t\t\t\t\t\t<div class=\"elementor-flip-box__layer__description\">\n\t\t\t\t\t\t\t\tClarifier les r\u00e8gles entourant les v\u00e9los \u00e9lectriques\t\t\t\t\t\t\t<\/div>\n\t\t\t\t\t\t\t\t\t\t\t<\/div>\n\t\t\t\t<\/div>\n\t\t\t<\/div>\n\t\t\t<div class=\"elementor-flip-box__layer elementor-flip-box__back\">\n\t\t\t<div class=\"elementor-flip-box__layer__overlay\">\n\t\t\t\t<div class=\"elementor-flip-box__layer__inner\">\n\t\t\t\t\t\n\t\t\t\t\t\t\t\t\t\t\t<div class=\"elementor-flip-box__layer__description\">\n\t\t\t\t\t\t\tTous les v\u00e9hicules \u00e9lectriques \u00e0 deux roues ne pr\u00e9sentent pas les m\u00eames caract\u00e9ristiques ni les m\u00eames risques. Le Qu\u00e9bec doit adopter une d\u00e9finition claire du v\u00e9ritable v\u00e9lo \u00e0 assistance \u00e9lectrique et mieux le distinguer des trottinettes, scooters et autres engins motoris\u00e9s. Des r\u00e8gles mieux adapt\u00e9es permettraient \u00e0 la fois d'am\u00e9liorer la s\u00e9curit\u00e9 et de favoriser l\u2019utilisation du v\u00e9lo \u00e9lectrique comme solution de mobilit\u00e9.\t\t\t\t\t\t<\/div>\n\t\t\t\t\t\n\t\t\t\t\t\t\t\t<\/div>\n\t\t<\/div>\n\t\t<\/div>\n\t\t<\/div>\n\t\t\t\t\t\t<\/div>\n\t\t\t\t<\/div>\n\t\t\t\t<div class=\"elementor-element elementor-element-f8bd129 elementor-flip-box--effect-fade elementor-widget elementor-widget-flip-box\" data-id=\"f8bd129\" data-element_type=\"widget\" data-e-type=\"widget\" data-widget_type=\"flip-box.default\">\n\t\t\t\t<div class=\"elementor-widget-container\">\n\t\t\t\t\t\t\t<div class=\"elementor-flip-box\" tabindex=\"0\">\n\t\t\t<div class=\"elementor-flip-box__layer elementor-flip-box__front\">\n\t\t\t\t<div class=\"elementor-flip-box__layer__overlay\">\n\t\t\t\t\t<div class=\"elementor-flip-box__layer__inner\">\n\t\t\t\t\t\t\t\t\t\t\t\t\t<div class=\"elementor-icon-wrapper elementor-view-default\">\n\t\t\t\t\t\t\t\t<div class=\"elementor-icon\">\n\t\t\t\t\t\t\t\t\t<i aria-hidden=\"true\" class=\"fas fa-biking\"><\/i>\t\t\t\t\t\t\t\t<\/div>\n\t\t\t\t\t\t\t<\/div>\n\t\t\t\t\t\t\n\t\t\t\t\t\t\t\t\t\t\t\t\t<h3 class=\"elementor-flip-box__layer__title\">\n\t\t\t\t\t\t\t\tRecommandation 6\t\t\t\t\t\t\t<\/h3>\n\t\t\t\t\t\t\n\t\t\t\t\t\t\t\t\t\t\t\t\t<div class=\"elementor-flip-box__layer__description\">\n\t\t\t\t\t\t\t\tP\u00e9renniser l\u2019\u00e9ducation des jeunes \u00e0 la mobilit\u00e9 active\t\t\t\t\t\t\t<\/div>\n\t\t\t\t\t\t\t\t\t\t\t<\/div>\n\t\t\t\t<\/div>\n\t\t\t<\/div>\n\t\t\t<div class=\"elementor-flip-box__layer elementor-flip-box__back\">\n\t\t\t<div class=\"elementor-flip-box__layer__overlay\">\n\t\t\t\t<div class=\"elementor-flip-box__layer__inner\">\n\t\t\t\t\t\n\t\t\t\t\t\t\t\t\t\t\t<div class=\"elementor-flip-box__layer__description\">\n\t\t\t\t\t\t\tMarcher et p\u00e9daler pour aller \u00e0 l\u2019\u00e9cole permettent aux jeunes d\u2019int\u00e9grer naturellement l\u2019activit\u00e9 physique \u00e0 leur quotidien, tout en d\u00e9veloppant leur autonomie. V\u00e9lo Qu\u00e9bec demande un financement stable et \u00e0 long terme pour les programmes qui apprennent aux enfants \u00e0 se d\u00e9placer \u00e0 pied et \u00e0 v\u00e9lo de fa\u00e7on s\u00e9curitaire, avec l\u2019objectif de rejoindre tous les jeunes du primaire.\t\t\t\t\t\t<\/div>\n\t\t\t\t\t\n\t\t\t\t\t\t\t\t<\/div>\n\t\t<\/div>\n\t\t<\/div>\n\t\t<\/div>\n\t\t\t\t\t\t<\/div>\n\t\t\t\t<\/div>\n\t\t\t\t<div class=\"elementor-element elementor-element-8f8d1a9 elementor-flip-box--effect-fade elementor-widget elementor-widget-flip-box\" data-id=\"8f8d1a9\" data-element_type=\"widget\" data-e-type=\"widget\" data-widget_type=\"flip-box.default\">\n\t\t\t\t<div class=\"elementor-widget-container\">\n\t\t\t\t\t\t\t<div class=\"elementor-flip-box\" tabindex=\"0\">\n\t\t\t<div class=\"elementor-flip-box__layer elementor-flip-box__front\">\n\t\t\t\t<div class=\"elementor-flip-box__layer__overlay\">\n\t\t\t\t\t<div class=\"elementor-flip-box__layer__inner\">\n\t\t\t\t\t\t\t\t\t\t\t\t\t<div class=\"elementor-icon-wrapper elementor-view-default\">\n\t\t\t\t\t\t\t\t<div class=\"elementor-icon\">\n\t\t\t\t\t\t\t\t\t<i aria-hidden=\"true\" class=\"fas fa-tools\"><\/i>\t\t\t\t\t\t\t\t<\/div>\n\t\t\t\t\t\t\t<\/div>\n\t\t\t\t\t\t\n\t\t\t\t\t\t\t\t\t\t\t\t\t<h3 class=\"elementor-flip-box__layer__title\">\n\t\t\t\t\t\t\t\tRecommandation 7\t\t\t\t\t\t\t<\/h3>\n\t\t\t\t\t\t\n\t\t\t\t\t\t\t\t\t\t\t\t\t<div class=\"elementor-flip-box__layer__description\">\n\t\t\t\t\t\t\t\tMieux entretenir nos r\u00e9seaux de plein air\t\t\t\t\t\t\t<\/div>\n\t\t\t\t\t\t\t\t\t\t\t<\/div>\n\t\t\t\t<\/div>\n\t\t\t<\/div>\n\t\t\t<div class=\"elementor-flip-box__layer elementor-flip-box__back\">\n\t\t\t<div class=\"elementor-flip-box__layer__overlay\">\n\t\t\t\t<div class=\"elementor-flip-box__layer__inner\">\n\t\t\t\t\t\n\t\t\t\t\t\t\t\t\t\t\t<div class=\"elementor-flip-box__layer__description\">\n\t\t\t\t\t\t\tConstruire de nouvelles infrastructures ne suffit pas : il faut aussi prendre soin de celles que nous avons d\u00e9j\u00e0. V\u00e9lo Qu\u00e9bec demande un meilleur financement pour l\u2019entretien de la Route verte ainsi qu\u2019un programme d\u00e9di\u00e9 aux r\u00e9seaux et sentiers de plein air, afin qu\u2019ils demeurent s\u00e9curitaires, accessibles et adapt\u00e9s aux impacts grandissants des changements climatiques.\t\t\t\t\t\t<\/div>\n\t\t\t\t\t\n\t\t\t\t\t\t\t\t<\/div>\n\t\t<\/div>\n\t\t<\/div>\n\t\t<\/div>\n\t\t\t\t\t\t<\/div>\n\t\t\t\t<\/div>\n\t\t\t\t<div class=\"elementor-element elementor-element-d67cebb elementor-flip-box--effect-fade elementor-widget elementor-widget-flip-box\" data-id=\"d67cebb\" data-element_type=\"widget\" data-e-type=\"widget\" data-widget_type=\"flip-box.default\">\n\t\t\t\t<div class=\"elementor-widget-container\">\n\t\t\t\t\t\t\t<div class=\"elementor-flip-box\" tabindex=\"0\">\n\t\t\t<div class=\"elementor-flip-box__layer elementor-flip-box__front\">\n\t\t\t\t<div class=\"elementor-flip-box__layer__overlay\">\n\t\t\t\t\t<div class=\"elementor-flip-box__layer__inner\">\n\t\t\t\t\t\t\t\t\t\t\t\t\t<div class=\"elementor-icon-wrapper elementor-view-default\">\n\t\t\t\t\t\t\t\t<div class=\"elementor-icon\">\n\t\t\t\t\t\t\t\t\t<i aria-hidden=\"true\" class=\"fas fa-city\"><\/i>\t\t\t\t\t\t\t\t<\/div>\n\t\t\t\t\t\t\t<\/div>\n\t\t\t\t\t\t\n\t\t\t\t\t\t\t\t\t\t\t\t\t<h3 class=\"elementor-flip-box__layer__title\">\n\t\t\t\t\t\t\t\tRecommandation 8\t\t\t\t\t\t\t<\/h3>\n\t\t\t\t\t\t\n\t\t\t\t\t\t\t\t\t\t\t\t\t<div class=\"elementor-flip-box__layer__description\">\n\t\t\t\t\t\t\t\tEncourager les d\u00e9placements \u00e0 v\u00e9lo au travail \t\t\t\t\t\t\t<\/div>\n\t\t\t\t\t\t\t\t\t\t\t<\/div>\n\t\t\t\t<\/div>\n\t\t\t<\/div>\n\t\t\t<div class=\"elementor-flip-box__layer elementor-flip-box__back\">\n\t\t\t<div class=\"elementor-flip-box__layer__overlay\">\n\t\t\t\t<div class=\"elementor-flip-box__layer__inner\">\n\t\t\t\t\t\n\t\t\t\t\t\t\t\t\t\t\t<div class=\"elementor-flip-box__layer__description\">\n\t\t\t\t\t\t\tAujourd\u2019hui, les avantages fiscaux li\u00e9s aux d\u00e9placements professionnels favorisent largement l\u2019automobile. V\u00e9lo Qu\u00e9bec propose de permettre aux employeurs de mieux soutenir les personnes qui se d\u00e9placent \u00e0 v\u00e9lo, notamment gr\u00e2ce \u00e0 des indemnit\u00e9s non imposables et \u00e0 des programmes de location de v\u00e9los en entreprise, comme cela existe d\u00e9j\u00e0 dans plusieurs pays.\t\t\t\t\t\t<\/div>\n\t\t\t\t\t\n\t\t\t\t\t\t\t\t<\/div>\n\t\t<\/div>\n\t\t<\/div>\n\t\t<\/div>\n\t\t\t\t\t\t<\/div>\n\t\t\t\t<\/div>\n\t\t\t\t<div class=\"elementor-element elementor-element-3688c77 elementor-flip-box--effect-fade elementor-widget elementor-widget-flip-box\" data-id=\"3688c77\" data-element_type=\"widget\" data-e-type=\"widget\" data-widget_type=\"flip-box.default\">\n\t\t\t\t<div class=\"elementor-widget-container\">\n\t\t\t\t\t\t\t<div class=\"elementor-flip-box\" tabindex=\"0\">\n\t\t\t<div class=\"elementor-flip-box__layer elementor-flip-box__front\">\n\t\t\t\t<div class=\"elementor-flip-box__layer__overlay\">\n\t\t\t\t\t<div class=\"elementor-flip-box__layer__inner\">\n\t\t\t\t\t\t\t\t\t\t\t\t\t<div class=\"elementor-icon-wrapper elementor-view-default\">\n\t\t\t\t\t\t\t\t<div class=\"elementor-icon\">\n\t\t\t\t\t\t\t\t\t<i aria-hidden=\"true\" class=\"fas fa-file-invoice-dollar\"><\/i>\t\t\t\t\t\t\t\t<\/div>\n\t\t\t\t\t\t\t<\/div>\n\t\t\t\t\t\t\n\t\t\t\t\t\t\t\t\t\t\t\t\t<h3 class=\"elementor-flip-box__layer__title\">\n\t\t\t\t\t\t\t\tRecommandation 9\t\t\t\t\t\t\t<\/h3>\n\t\t\t\t\t\t\n\t\t\t\t\t\t\t\t\t\t\t\t\t<div class=\"elementor-flip-box__layer__description\">\n\t\t\t\t\t\t\t\tSubventionner l\u2019achat de v\u00e9los\t\t\t\t\t\t\t<\/div>\n\t\t\t\t\t\t\t\t\t\t\t<\/div>\n\t\t\t\t<\/div>\n\t\t\t<\/div>\n\t\t\t<div class=\"elementor-flip-box__layer elementor-flip-box__back\">\n\t\t\t<div class=\"elementor-flip-box__layer__overlay\">\n\t\t\t\t<div class=\"elementor-flip-box__layer__inner\">\n\t\t\t\t\t\n\t\t\t\t\t\t\t\t\t\t\t<div class=\"elementor-flip-box__layer__description\">\n\t\t\t\t\t\t\tLe prix d\u2019achat demeure l\u2019un des principaux obstacles \u00e0 l\u2019adoption d\u2019un v\u00e9lo \u00e9lectrique ou d\u2019un v\u00e9lo-cargo, m\u00eame lorsque celui-ci peut remplacer plusieurs d\u00e9placements en voiture. V\u00e9lo Qu\u00e9bec propose une aide financi\u00e8re modul\u00e9e selon le revenu, pouvant atteindre 800 $ pour un v\u00e9lo \u00e0 assistance \u00e9lectrique et 2 000 $ pour un v\u00e9lo-cargo \u00e9lectrique.\t\t\t\t\t\t<\/div>\n\t\t\t\t\t\n\t\t\t\t\t\t\t\t<\/div>\n\t\t<\/div>\n\t\t<\/div>\n\t\t<\/div>\n\t\t\t\t\t\t<\/div>\n\t\t\t\t<\/div>\n\t\t\t\t<div class=\"elementor-element elementor-element-e4a11a6 elementor-flip-box--effect-fade elementor-widget elementor-widget-flip-box\" data-id=\"e4a11a6\" data-element_type=\"widget\" data-e-type=\"widget\" data-widget_type=\"flip-box.default\">\n\t\t\t\t<div class=\"elementor-widget-container\">\n\t\t\t\t\t\t\t<div class=\"elementor-flip-box\" tabindex=\"0\">\n\t\t\t<div class=\"elementor-flip-box__layer elementor-flip-box__front\">\n\t\t\t\t<div class=\"elementor-flip-box__layer__overlay\">\n\t\t\t\t\t<div class=\"elementor-flip-box__layer__inner\">\n\t\t\t\t\t\t\t\t\t\t\t\t\t<div class=\"elementor-icon-wrapper elementor-view-default\">\n\t\t\t\t\t\t\t\t<div class=\"elementor-icon\">\n\t\t\t\t\t\t\t\t\t<i aria-hidden=\"true\" class=\"fas fa-mountain\"><\/i>\t\t\t\t\t\t\t\t<\/div>\n\t\t\t\t\t\t\t<\/div>\n\t\t\t\t\t\t\n\t\t\t\t\t\t\t\t\t\t\t\t\t<h3 class=\"elementor-flip-box__layer__title\">\n\t\t\t\t\t\t\t\tRecommandation 10\t\t\t\t\t\t\t<\/h3>\n\t\t\t\t\t\t\n\t\t\t\t\t\t\t\t\t\t\t\t\t<div class=\"elementor-flip-box__layer__description\">\n\t\t\t\t\t\t\t\tFaire du tourisme \u00e0 v\u00e9lo un moteur pour nos r\u00e9gions\t\t\t\t\t\t\t<\/div>\n\t\t\t\t\t\t\t\t\t\t\t<\/div>\n\t\t\t\t<\/div>\n\t\t\t<\/div>\n\t\t\t<div class=\"elementor-flip-box__layer elementor-flip-box__back\">\n\t\t\t<div class=\"elementor-flip-box__layer__overlay\">\n\t\t\t\t<div class=\"elementor-flip-box__layer__inner\">\n\t\t\t\t\t\n\t\t\t\t\t\t\t\t\t\t\t<div class=\"elementor-flip-box__layer__description\">\n\t\t\t\t\t\t\tLe tourisme \u00e0 v\u00e9lo g\u00e9n\u00e8re d\u00e9j\u00e0 plus de 800 millions de dollars en d\u00e9penses touristiques par ann\u00e9e au Qu\u00e9bec et profite \u00e0 des centaines d\u2019entreprises et de communaut\u00e9s. Pour aller plus loin, V\u00e9lo Qu\u00e9bec propose de consolider la Route verte, de faciliter l\u2019acc\u00e8s aux r\u00e9gions avec un v\u00e9lo en transport collectif et de mieux soutenir les entreprises et organisations qui d\u00e9veloppent une offre touristique \u00e0 v\u00e9lo responsable et durable.\t\t\t\t\t\t<\/div>\n\t\t\t\t\t\n\t\t\t\t\t\t\t\t<\/div>\n\t\t<\/div>\n\t\t<\/div>\n\t\t<\/div>\n\t\t\t\t\t\t<\/div>\n\t\t\t\t<\/div>\n\t\t\t\t\t<\/div>\n\t\t\t\t<\/div>\n\t\t\t\t<\/div>","protected":false},"excerpt":{"rendered":"<p>Faire du v\u00e9lo un outil de pr\u00e9vention en sant\u00e9 et de d\u00e9veloppement \u00e9conomique Le v\u00e9lo, une solution simple \u00e0 de grands enjeux Le v\u00e9lo fait d\u00e9j\u00e0 partie du quotidien de millions de Qu\u00e9b\u00e9coises et de Qu\u00e9b\u00e9cois. \u00a0 Mais son potentiel va beaucoup plus loin.\u00a0 \u00a0 Mobilit\u00e9, s\u00e9curit\u00e9, sant\u00e9, co\u00fbt de la vie et \u00e9conomie r\u00e9gionale [&hellip;]<\/p>\n","protected":false},"author":69,"featured_media":0,"parent":0,"menu_order":2,"comment_status":"closed","ping_status":"closed","template":"","meta":{"_acf_changed":false,"footnotes":""},"class_list":["post-102144","page","type-page","status-publish","hentry","cf"],"acf":[],"_links":{"self":[{"href":"https:\/\/www.velo.qc.ca\/en\/wp-json\/wp\/v2\/pages\/102144","targetHints":{"allow":["GET"]}}],"collection":[{"href":"https:\/\/www.velo.qc.ca\/en\/wp-json\/wp\/v2\/pages"}],"about":[{"href":"https:\/\/www.velo.qc.ca\/en\/wp-json\/wp\/v2\/types\/page"}],"author":[{"embeddable":true,"href":"https:\/\/www.velo.qc.ca\/en\/wp-json\/wp\/v2\/users\/69"}],"replies":[{"embeddable":true,"href":"https:\/\/www.velo.qc.ca\/en\/wp-json\/wp\/v2\/comments?post=102144"}],"version-history":[{"count":6,"href":"https:\/\/www.velo.qc.ca\/en\/wp-json\/wp\/v2\/pages\/102144\/revisions"}],"predecessor-version":[{"id":102300,"href":"https:\/\/www.velo.qc.ca\/en\/wp-json\/wp\/v2\/pages\/102144\/revisions\/102300"}],"wp:attachment":[{"href":"https:\/\/www.velo.qc.ca\/en\/wp-json\/wp\/v2\/media?parent=102144"}],"curies":[{"name":"wp","href":"https:\/\/api.w.org\/{rel}","templated":true}]}}